{"id":64632,"date":"2026-09-01T10:14:47","date_gmt":"2026-09-01T08:14:47","guid":{"rendered":"https:\/\/www.sloveniadownhillcup.si\/dh-sotejska-2026\/"},"modified":"2026-09-01T18:14:12","modified_gmt":"2026-09-01T16:14:12","slug":"dh-sotejska-2026","status":"publish","type":"page","link":"https:\/\/www.sloveniadownhillcup.si\/en\/dh-sotejska-2026\/","title":{"rendered":"DH Sotejska 2026"},"content":{"rendered":"\t\t<div data-elementor-type=\"wp-page\" data-elementor-id=\"64632\" class=\"elementor elementor-64632\">\n\t\t\t\t\t\t\t\t\t<section class=\"elementor-section elementor-top-section elementor-element elementor-element-83251cc elementor-section-boxed elementor-section-height-default elementor-section-height-default wpr-particle-no wpr-jarallax-no wpr-parallax-no wpr-sticky-section-no\" data-id=\"83251cc\" data-element_type=\"section\">\n\t\t\t\t\t\t<div class=\"elementor-container elementor-column-gap-no\">\n\t\t\t\t\t<div class=\"elementor-column elementor-col-66 elementor-top-column elementor-element elementor-element-27aa8cb\" data-id=\"27aa8cb\" data-element_type=\"column\">\n\t\t\t<div class=\"elementor-widget-wrap elementor-element-populated\">\n\t\t\t\t\t\t\t\t<div class=\"elementor-element elementor-element-00d3a80 elementor-widget elementor-widget-heading\" data-id=\"00d3a80\" data-element_type=\"widget\" data-widget_type=\"heading.default\">\n\t\t\t\t<div class=\"elementor-widget-container\">\n\t\t\t<style>\/*! elementor - v3.12.2 - 23-04-2023 *\/\n.elementor-heading-title{padding:0;margin:0;line-height:1}.elementor-widget-heading .elementor-heading-title[class*=elementor-size-]>a{color:inherit;font-size:inherit;line-height:inherit}.elementor-widget-heading .elementor-heading-title.elementor-size-small{font-size:15px}.elementor-widget-heading .elementor-heading-title.elementor-size-medium{font-size:19px}.elementor-widget-heading .elementor-heading-title.elementor-size-large{font-size:29px}.elementor-widget-heading .elementor-heading-title.elementor-size-xl{font-size:39px}.elementor-widget-heading .elementor-heading-title.elementor-size-xxl{font-size:59px}<\/style><h1 class=\"elementor-heading-title elementor-size-default\">DH <span style=\"font-size: var(--fontSize); font-weight: var(--fontWeight);\">Sotejska<\/span><span style=\"color: var( --e-global-color-blocksy_palette_3 ); font-family: var(--fontFamily); font-size: var(--fontSize); font-style: var(--fontStyle, inherit); font-weight: var(--fontWeight); letter-spacing: var(--letterSpacing); text-align: inherit; text-transform: var(--textTransform);\"> <\/span><span style=\"color: var( --e-global-color-blocksy_palette_3 ); font-family: var(--fontFamily); font-size: var(--fontSize); font-style: var(--fontStyle, inherit); font-weight: var(--fontWeight); letter-spacing: var(--letterSpacing); text-align: inherit; text-transform: var(--textTransform);\">2026<\/span><br><\/h1>\t\t<\/div>\n\t\t\t\t<\/div>\n\t\t\t\t<div class=\"elementor-element elementor-element-eede099 elementor-widget elementor-widget-text-editor\" data-id=\"eede099\" data-element_type=\"widget\" data-widget_type=\"text-editor.default\">\n\t\t\t\t<div class=\"elementor-widget-container\">\n\t\t\t<style>\/*! elementor - v3.12.2 - 23-04-2023 *\/\n.elementor-widget-text-editor.elementor-drop-cap-view-stacked .elementor-drop-cap{background-color:#69727d;color:#fff}.elementor-widget-text-editor.elementor-drop-cap-view-framed .elementor-drop-cap{color:#69727d;border:3px solid;background-color:transparent}.elementor-widget-text-editor:not(.elementor-drop-cap-view-default) .elementor-drop-cap{margin-top:8px}.elementor-widget-text-editor:not(.elementor-drop-cap-view-default) .elementor-drop-cap-letter{width:1em;height:1em}.elementor-widget-text-editor .elementor-drop-cap{float:left;text-align:center;line-height:1;font-size:50px}.elementor-widget-text-editor .elementor-drop-cap-letter{display:inline-block}<\/style>\t\t\t\t<p><img decoding=\"async\" loading=\"lazy\" class=\"alignnone size-full wp-image-64599\" src=\"https:\/\/www.sloveniadownhillcup.si\/wp-content\/uploads\/2026\/09\/20-Cho-DH-Sotejska_2026_1300.jpg\" alt=\"\" width=\"1300\" height=\"682\" srcset=\"https:\/\/www.sloveniadownhillcup.si\/wp-content\/uploads\/2026\/09\/20-Cho-DH-Sotejska_2026_1300.jpg 1300w, https:\/\/www.sloveniadownhillcup.si\/wp-content\/uploads\/2026\/09\/20-Cho-DH-Sotejska_2026_1300-640x336.jpg 640w, https:\/\/www.sloveniadownhillcup.si\/wp-content\/uploads\/2026\/09\/20-Cho-DH-Sotejska_2026_1300-1280x672.jpg 1280w, https:\/\/www.sloveniadownhillcup.si\/wp-content\/uploads\/2026\/09\/20-Cho-DH-Sotejska_2026_1300-768x403.jpg 768w\" sizes=\"(max-width: 1300px) 100vw, 1300px\" \/><\/p><p><b style=\"font-size: 16px;\">Organiser<\/b><\/p><p><img decoding=\"async\" loading=\"lazy\" class=\"alignnone wp-image-64712\" src=\"https:\/\/www.sloveniadownhillcup.si\/wp-content\/uploads\/2026\/09\/kuralogo-kolo.png\" alt=\"\" width=\"350\" height=\"369\" \/><\/p><p>\u0160PORTNO-KULTURNO DRU\u0160TVO PANK KURA<br \/>Ulica Maksa Henigmana 5, Dolenjske Toplice, 8350 Slovenia<br \/>+386 40 621 318 | <a href=\"mailto:pank.kura.mtb@gmail.com\">pank.kura.mtb@gmail.com<\/a> | <a href=\"https:\/\/www.pankura.si\" target=\"_blank\" rel=\"noopener\">www.pankura.si<\/a><\/p><p><strong>Co-organiser<\/strong><\/p><p><img decoding=\"async\" loading=\"lazy\" class=\"alignnone wp-image-47981\" src=\"https:\/\/www.sloveniadownhillcup.si\/wp-content\/uploads\/2017\/01\/06_KZS_logotipi_slo_-1.png\" alt=\"\" width=\"350\" height=\"68\" srcset=\"https:\/\/www.sloveniadownhillcup.si\/wp-content\/uploads\/2017\/01\/06_KZS_logotipi_slo_-1.png 816w, https:\/\/www.sloveniadownhillcup.si\/wp-content\/uploads\/2017\/01\/06_KZS_logotipi_slo_-1-640x124.png 640w, https:\/\/www.sloveniadownhillcup.si\/wp-content\/uploads\/2017\/01\/06_KZS_logotipi_slo_-1-768x149.png 768w, https:\/\/www.sloveniadownhillcup.si\/wp-content\/uploads\/2017\/01\/06_KZS_logotipi_slo_-1-200x39.png 200w\" sizes=\"(max-width: 350px) 100vw, 350px\" \/><\/p><p>Slovenia Cycling Federation, Dunajska 139, 1000 Ljubljana<br \/>+386 41 990 058 | <a href=\"mailto:ogk@kolesarska-zveza.si\">ogk@kolesarska-zveza.si<\/a> | <a href=\"http:\/\/www.kolesarska-zveza.si\">www.kolesarska-zveza.si<\/a><\/p><p><b style=\"font-size: 16px;\">Discipline<\/b>: Downhill (DHI)<br \/><b style=\"font-size: 16px;\">Level<\/b>: PSlovenia Cup<br \/><b style=\"font-size: 16px;\">Location<\/b>: Soteska, 8350 Dolenjske Toplice, Slovenia<br \/><b>Date<\/b>: 19 September 2026<\/p><h2>EVENT MANAGEMENT<\/h2><p>Event director: Jo\u0161t \u0160trucelj | +386 51 671 218 | <a href=\"mailto:pank.kura.mtb@gmail.com\">pank.kura.mtb@gmail.com<\/a><br \/>Marshalls chief:\u00a0 Mitja Zupan\u010di\u010d | +386 41 686 459 | <br \/>Course chief: Jo\u0161t \u0160trucelj | +386 51 671 218 |<br \/>Race office: Davor Mi\u0161ma\u0161 | +386 40 229 087 | <a href=\"mailto:pank.kura.mtb@gmail.com\">pank.kura.mtb@gmail.com<\/a><br \/>Commissaires: DKSS &#8211; dru\u0161tvo kolesarskih sodnikov Slovenije | <a href=\"mailto:info.dkss@gmail.com\">info.dkss@gmail.com<\/a><\/p><h2>CATEGORIES<\/h2><ul><li>U13 boys\/girls (11 \u2013 12 years, born 2015 and 2014)*<\/li><li>U15 boys (13 \u2013 14 years, born 2013 and 2012)<\/li><li>U17 male (15 \u2013 16 let, born 20011 and 2010)<\/li><li>U19 male (17 \u2013 18 let, born 2009 and 2008)<\/li><li>Amateur men (19 \u2013 34 let, born 2007-1992)<\/li><li>Master men (35 years and above, born 1991 and older)<\/li><li>Women (13 years and above, born 2013 and older)<\/li><li>Elite men (19 years and above, born 2007 and older)<\/li><\/ul><p><em>*U13 boys\/girls is an open category, uniting boys and girls with license and daily license. The competition also concludes with a joint ceremony.<\/em><\/p><p>Elite men category is only open for riders with a UCI license.<\/p><div class=\"page\" title=\"Page 1\"><div class=\"layoutArea\"><div class=\"column\"><p>20chocolate Downhill Cup is the Slovenian Downhill Cup series. Points are awarded to riders of any federation or nationality.<\/p><\/div><\/div><\/div><h2>REGISTRATION<\/h2><p>Registration closes on Monday before the event, 14 September, at 23:59. Registration is open at <a href=\"https:\/\/www.prijavim.se\/\" target=\"_blank\" rel=\"noopener\">Prijavim.se<\/a>.<\/p><p>Entry fee should be paid at registration, otherwise the registration is not valid. Daily licenses will be available at number pick up in race office.<\/p><h3>ENTRY FEES<\/h3><p>Elite men, U19 men, U17 men, U15 men, Women, Master men and Amateur men: 50 EUR at preregistration and 70 EUR at late registration on site.<\/p><p>U13 boys\/girls: 35 EUR at preregistration and 55 EUR at late registration.<\/p><p>Non-licensed riders are obliged to apply for Slovenia Cycling daily license. They can enter the following categories: U15, U17, U19, Amateur, Master and Women. Daily licenses will be available at number pick up in race office. The cost is 15 \u20ac.<\/p><h2>REGISTRATION CANCELLATION<\/h2><p>Riders should cancel their registration by latest 12.00 on Friday before the race. Entry fee will be returned only with a medical certificate.<\/p><h2>EVENT SCHEDULE<\/h2><h3>Friday, 18 September 2026<\/h3><ul><li>10.00 \u2013 17.00 Free course practice*<\/li><li>17.00 \u2013 18.00 Track walk<\/li><li>18.00 \u2013 19.30 Registration\/number pick up (Race office)<\/li><\/ul><h3>Saturday, 19 September 2026**<\/h3><ul><li>07.30 \u2013 08.30 Registration\/number pick up (Race office)<\/li><li>08.45 \u2013 09.00 Team managers meeting<\/li><li>09.00 \u2013 13.00 Official training<\/li><li>13.30 \u2013 15.30 Seeding run<\/li><li>16.00 \u2013 18.00 Final run<\/li><li>18.00 Award presentation\u00a0 (30 min. after last rider finishes)<\/li><\/ul><p><em>*Friday&#8217;s riding at rider\u2019s own risk \u2013 no medics in place.<\/em><\/p><p><em>**Organizer can change the schedule if confirmed by series coordinator and commissaires. Teams\/riders will be notified on time.<\/em><\/p><h2>PRIZE MONEY<\/h2><table><tbody><tr><td width=\"151\">Category<\/td><td width=\"98\">1st place<\/td><td width=\"98\">2nd place<\/td><td width=\"92\">3rd place<\/td><td width=\"92\">4th place<\/td><td width=\"92\">5th place<\/td><\/tr><tr><td width=\"151\">Men overall<\/td><td width=\"98\">200 \u20ac<\/td><td width=\"98\">120 \u20ac<\/td><td width=\"92\">80 \u20ac<\/td><td width=\"92\">50 \u20ac<\/td><td width=\"92\">25 \u20ac<\/td><\/tr><tr><td width=\"151\">Women overall<\/td><td width=\"98\">200 \u20ac<\/td><td width=\"98\">120 \u20ac<\/td><td width=\"92\">80 \u20ac<\/td><td width=\"92\">50 \u20ac<\/td><td width=\"92\">25 \u20ac<\/td><\/tr><\/tbody><\/table><p>If there are less than 5 riders taking part in the race in a category, only half of the monetary prize will be awarded. In case of a UCI event the monetary awards will be adjusted according to UCI rules.<\/p><h2>UPLIFT FOR FREE PRACTICE<\/h2><p>The organizer is offering an opportunity to familiarize yourself with the track\u2014a free ride on the track at your own risk\u2014<strong>on Saturday, 12 September, Sunday, 13 September, and Friday, 18 September 2026<\/strong>, from 10:00 a.m. to 5:00 p.m.<\/p><p>If you wish to participate in the free ride on the course, you must purchase a shuttle ticket from the organiser. Please book your tickets <a href=\"https:\/\/forms.gle\/GrxTwZhD595YjdWz9\" target=\"_blank\" rel=\"noopener\">for 12\/13 through this form here<\/a> and <a href=\"https:\/\/forms.gle\/Zkx9Vfu3peNdSVGA6\" target=\"_blank\" rel=\"noopener\">for 18 here<\/a>.<\/p><p>\u00a0<\/p><h2>PROTECTION EQUIPMENT<\/h2><ul><li>Full face helmet with visor,<\/li><li>Knee pads,<\/li><li>Elbow pads*<\/li><li>Back protector and\/or neck brace (these two could be excluding each other).<\/li><\/ul><p><em>*riders of Masters and Elite men categories can compete without elbow pads.<\/em><\/p><div title=\"Page 2\">\u00a0<\/div><div title=\"Page 2\"><h2>THE VENUE<\/h2><p>Start: Podhosta <a href=\"https:\/\/maps.app.goo.gl\/YQNAsptXRfdaA2QZ9\">45.765552, 15.009169<\/a><\/p><p>Finish: Lo\u0161ka vas <a href=\"https:\/\/maps.app.goo.gl\/Ns1hZd3Meg4Vnu4DA\">45.776372, 15.020546<\/a><\/p><p>Race office: PGD Soteska, Soteska, Novo mesto 38, Stra\u017ea pri Novem Mestu <a href=\"https:\/\/maps.app.goo.gl\/guu4Evbiynhu3kDY9\">45.779666, 15.020720<\/a><\/p><p>Team managers meeting: Hudi\u010dev turn <a href=\"https:\/\/maps.app.goo.gl\/HbBFd5rdTcymf5qs7\">45.779003, 15.020940<\/a><\/p><p><img decoding=\"async\" loading=\"lazy\" class=\"alignnone size-full wp-image-64663\" src=\"https:\/\/www.sloveniadownhillcup.si\/wp-content\/uploads\/2026\/09\/dhsotejska26_venue.jpg\" alt=\"\" width=\"1000\" height=\"880\" srcset=\"https:\/\/www.sloveniadownhillcup.si\/wp-content\/uploads\/2026\/09\/dhsotejska26_venue.jpg 1000w, https:\/\/www.sloveniadownhillcup.si\/wp-content\/uploads\/2026\/09\/dhsotejska26_venue-640x563.jpg 640w, https:\/\/www.sloveniadownhillcup.si\/wp-content\/uploads\/2026\/09\/dhsotejska26_venue-768x676.jpg 768w\" sizes=\"(max-width: 1000px) 100vw, 1000px\" \/><\/p><h3>TEAM AREA<\/h3><p>A Team Area will be set up at the venue for the teams\u2019 use, where there will be tarmac and gravel areas for parking motorhomes and cars. Camping will also be permitted on the grassy areas. Electricity and water are not available.<\/p><p><a href=\"https:\/\/forms.gle\/8z8ybNrcRUTwkzsw9\" target=\"_blank\" rel=\"noopener\"><strong>Please book Team Area through this form.<\/strong><\/a><\/p><h3>PARKING FOR DAY VISITORS<\/h3><p>A car park is available for visitors at Hudi\u010dev Turn (<a href=\"https:\/\/maps.app.goo.gl\/HbBFd5rdTcymf5qs7\">45.779003, 15.020940<\/a>). We ask all visitors and participants to observe the applicable traffic regulations and the organiser\u2019s instructions, and to park their vehicles exclusively in the designated areas.<\/p><h3>RACE OFFICE<\/h3><p>The race office, which will also serve as the registration desk, will be set up on the premises of PGD Soteska, in the immediate vicinity of the Vagabund pub. The location is also marked on the venue map.<\/p><h3>SHUTTLE PICK-UP<\/h3><p>Shuttle pick-up point will be by the bridge next to the Team Area. The exact location of the meeting point is marked on the venue map.<\/p><p>There will also be a bike wash area available at the venue.<\/p><h3>AWARD PRESENTATION<\/h3><p>The award ceremony will take place at the event venue in front of Hudi\u010dev Turn, and festival activities to mark the 18th anniversary of \u0160KD Pank Kura \u2013 will also be taking place nearby throughout the day.<\/p><h3>RESTRICTED MOVEMENT<\/h3><p>Please note that the Sv. Peter mountain hillside will be closed to the public due to a game drive, with the exception of the immediate vicinity of the DH track.<\/p><h3>FOOD AND BEVERAGES<\/h3><p>Some available at the venue and more within 2 km\u00a0(Hi\u0161a Janko, Gosti\u0161\u010de Henrik,..).<\/p><h2>ACCOMMODATION<\/h2><p>Hi\u0161a Janko, Dolenjske Toplice, <a href=\"https:\/\/hisajanko.com\" target=\"_blank\" rel=\"noopener\">hisajanko.com<\/a><br \/>Jaka Apartments, Dolenjske Toplice <a href=\"https:\/\/www.booking.com\/Share-E5VhgE\" target=\"_blank\" rel=\"noopener\">www.booking.com<\/a> or <a href=\"mailto:marjetka.kavcic@gmail.com\">marjetka.kavcic@gmail.com<\/a> (10% discount for participants)<\/p><h2>SIDE EVENTS<\/h2><h3>Let&#8217;s Ride!<\/h3><p>As part of the \u2018Let\u2019s Ride!\u2019 campaign, a free guided mountain bike ride will be organised on the Devils Trails trails system.<\/p><p>The ride will take place on 19 September 2026, starting at 10.00. Participants will meet at Hudi\u010dev Turn. We will return from the tour by 1.00 pm. Participation is free, but places are limited.<\/p><p>More information and registration: coming soon!<\/p><h2>FESTIVAL EVENTS<\/h2><p>As part of the one-day festival marking the 18th anniversary of \u0160KD Pank Kura, there will be a varied programme of events throughout the day for children, families, competitors and visitors.<\/p><h3>Program:<\/h3><ul><li>from 10.00 onwards \u2013 Bouncy castle<\/li><li>from 12.00 onwards \u2013 Tour of the depot<\/li><li>from 14.00 onwards \u2013 Medieval games<\/li><li>14.00 \u2013 Pottery workshop<\/li><li>14.00 \u2013 Family bike check and skills course<\/li><li>15.00 \u2013 Storytelling<\/li><li>15.00 \u2013 Herbal workshop<\/li><li>16.00 \u2013 Treasure hunt<\/li><li>17.00 \u2013 Diving into the water<\/li><li>from 18.30 onwards \u2013 Concerts in front of Hudi\u010dev Turn<\/li><\/ul><p>In addition to the above, the festival will also feature organised transport to the Soteska trails, and the Kurinalika culinary experience.<\/p><p>The evening\u2019s programme will continue from 6.30 pm onwards with concerts in front of Hudi\u010dev Turn. Performers will include Orleki, the Ko\u010devSKA Orchestra, Majkun and Tav\u017entro\u017ea.<\/p><\/div><div><div><h2>Join the 20chocolate Downhill Cup WhatsApp group<\/h2><\/div><p><a href=\"https:\/\/chat.whatsapp.com\/BF3NYEFxnEtHvSDpghI8sY\" target=\"_blank\" rel=\"noopener\">Click this link to join<\/a>, or scan the code:<\/p><\/div><p><img decoding=\"async\" loading=\"lazy\" class=\"alignnone size-full wp-image-62459\" src=\"https:\/\/www.sloveniadownhillcup.si\/wp-content\/uploads\/2026\/06\/WhatsApp_20chocDHCup.jpeg\" alt=\"\" width=\"735\" height=\"926\" srcset=\"https:\/\/www.sloveniadownhillcup.si\/wp-content\/uploads\/2026\/06\/WhatsApp_20chocDHCup.jpeg 735w, https:\/\/www.sloveniadownhillcup.si\/wp-content\/uploads\/2026\/06\/WhatsApp_20chocDHCup-508x640.jpeg 508w\" sizes=\"(max-width: 735px) 100vw, 735px\" \/><\/p>\t\t\t\t\t\t<\/div>\n\t\t\t\t<\/div>\n\t\t\t\t\t<\/div>\n\t\t<\/div>\n\t\t\t\t<div class=\"elementor-column elementor-col-33 elementor-top-column elementor-element elementor-element-cd8e4c0 race-buttons\" data-id=\"cd8e4c0\" data-element_type=\"column\">\n\t\t\t<div class=\"elementor-widget-wrap elementor-element-populated\">\n\t\t\t\t\t\t\t\t<div class=\"elementor-element elementor-element-2fc3607 register-modal elementor-widget elementor-widget-premium-addon-modal-box\" data-id=\"2fc3607\" data-element_type=\"widget\" data-settings=\"{&quot;premium_modal_box_animation&quot;:&quot;slideInDown&quot;}\" data-widget_type=\"premium-addon-modal-box.default\">\n\t\t\t\t<div class=\"elementor-widget-container\">\n\t\t\t\r\n\t\t<div class=\"premium-modal-box-container\" data-settings=\"{&quot;trigger&quot;:&quot;button&quot;}\">\r\n\t\t\t<div class=\"premium-modal-trigger-container\">\r\n\t\t\t\t\t\t\t\t\t<button data-toggle=\"premium-modal\" data-target=\"#premium-modal-2fc3607\" type=\"button\" class=\"premium-modal-trigger-btn premium-btn-lg\">\r\n\t\t\t\t\t\t\t\t\t\t\t\t<span>TRACK<\/span>\r\n\t\t\t\t\t\t\t\t\t\t\t<\/button>\r\n\t\t\t\t\t\t\t<\/div>\r\n\r\n\t\t\t<div id=\"premium-modal-2fc3607\" class=\"premium-modal-box-modal\" role=\"dialog\" style=\"display: none\">\r\n\t\t\t\t<div class=\"premium-modal-box-modal-dialog\" data-delay-animation=\"\" data-modal-animation=\"slideInDown animated-fast\">\r\n\t\t\t\t\t\t\t\t\t\t\t<div class=\"premium-modal-box-modal-header\">\r\n\t\t\t\t\t\t\t\t\t\t\t\t\t\t\t<h3 class=\"premium-modal-box-modal-title\">\r\n\t\t\t\t\t\t\t\t\tTrack\t\t\t\t\t\t\t\t<\/h3>\r\n\t\t\t\t\t\t\t\t\t\t\t\t\t\t\t\t\t\t\t\t\t\t<div class=\"premium-modal-box-close-button-container\">\r\n\t\t\t\t\t\t\t\t\t<button type=\"button\" class=\"premium-modal-box-modal-close\" data-dismiss=\"premium-modal\">&times;<\/button>\r\n\t\t\t\t\t\t\t\t<\/div>\r\n\t\t\t\t\t\t\t\t\t\t\t\t\t<\/div>\r\n\t\t\t\t\t\t\t\t\t\t<div class=\"premium-modal-box-modal-body\">\r\n\t\t\t\t\t\t<p><img decoding=\"async\" loading=\"lazy\" class=\"alignnone size-full wp-image-64618\" src=\"https:\/\/www.sloveniadownhillcup.si\/wp-content\/uploads\/2026\/09\/dhsotejska26_trackmap.jpg\" alt=\"\" width=\"790\" height=\"1000\" srcset=\"https:\/\/www.sloveniadownhillcup.si\/wp-content\/uploads\/2026\/09\/dhsotejska26_trackmap.jpg 790w, https:\/\/www.sloveniadownhillcup.si\/wp-content\/uploads\/2026\/09\/dhsotejska26_trackmap-506x640.jpg 506w, https:\/\/www.sloveniadownhillcup.si\/wp-content\/uploads\/2026\/09\/dhsotejska26_trackmap-768x972.jpg 768w\" sizes=\"(max-width: 790px) 100vw, 790px\" \/><\/p><p><img decoding=\"async\" loading=\"lazy\" class=\"alignnone size-full wp-image-64619\" src=\"https:\/\/www.sloveniadownhillcup.si\/wp-content\/uploads\/2026\/09\/dhsotejska26_trackelevation.jpg\" alt=\"\" width=\"1310\" height=\"238\" srcset=\"https:\/\/www.sloveniadownhillcup.si\/wp-content\/uploads\/2026\/09\/dhsotejska26_trackelevation.jpg 1310w, https:\/\/www.sloveniadownhillcup.si\/wp-content\/uploads\/2026\/09\/dhsotejska26_trackelevation-640x116.jpg 640w, https:\/\/www.sloveniadownhillcup.si\/wp-content\/uploads\/2026\/09\/dhsotejska26_trackelevation-1280x233.jpg 1280w, https:\/\/www.sloveniadownhillcup.si\/wp-content\/uploads\/2026\/09\/dhsotejska26_trackelevation-768x140.jpg 768w\" sizes=\"(max-width: 1310px) 100vw, 1310px\" \/><\/p><p>The Macola track is a new track designed for competition; you can really feel that it is laid out on distinctly karst terrain.<\/p><p>The first section starts off fairly gently, where maintaining speed into the next sector will be crucial.<\/p><p>The track then becomes increasingly steep, winding through the terrain; in the middle section there are two larger jumps, whilst the lower section features several off-camber sections and fast stretches through the rocks.<\/p><p>The track ends in the steepest section, featuring one of the biggest jumps in this year\u2019s series.<\/p><p>All the major jumps also have bypass routes, so they can be safely avoided.<\/p><p>Length: 1,610 m<br \/>Elevation drop: 354 m<\/p>\t\t\t\t\t<\/div>\r\n\t\t\t\t\t\t\t\t\t<\/div>\r\n\t\t\t<\/div>\r\n\t\t<\/div>\r\n\r\n\t\t\t\t<\/div>\n\t\t\t\t<\/div>\n\t\t\t\t<div class=\"elementor-element elementor-element-66c2037 register-modal elementor-widget elementor-widget-premium-addon-modal-box\" data-id=\"66c2037\" data-element_type=\"widget\" data-settings=\"{&quot;premium_modal_box_animation&quot;:&quot;slideInDown&quot;}\" data-widget_type=\"premium-addon-modal-box.default\">\n\t\t\t\t<div class=\"elementor-widget-container\">\n\t\t\t\r\n\t\t<div class=\"premium-modal-box-container\" data-settings=\"{&quot;trigger&quot;:&quot;button&quot;}\">\r\n\t\t\t<div class=\"premium-modal-trigger-container\">\r\n\t\t\t\t\t\t\t\t\t<button data-toggle=\"premium-modal\" data-target=\"#premium-modal-66c2037\" type=\"button\" class=\"premium-modal-trigger-btn premium-btn-lg\">\r\n\t\t\t\t\t\t\t\t\t\t\t\t<span>REGISTRATION<\/span>\r\n\t\t\t\t\t\t\t\t\t\t\t<\/button>\r\n\t\t\t\t\t\t\t<\/div>\r\n\r\n\t\t\t<div id=\"premium-modal-66c2037\" class=\"premium-modal-box-modal\" role=\"dialog\" style=\"display: none\">\r\n\t\t\t\t<div class=\"premium-modal-box-modal-dialog\" data-delay-animation=\"\" data-modal-animation=\"slideInDown animated-fast\">\r\n\t\t\t\t\t\t\t\t\t\t\t<div class=\"premium-modal-box-modal-header\">\r\n\t\t\t\t\t\t\t\t\t\t\t\t\t\t\t<h3 class=\"premium-modal-box-modal-title\">\r\n\t\t\t\t\t\t\t\t\tRegistration\t\t\t\t\t\t\t\t<\/h3>\r\n\t\t\t\t\t\t\t\t\t\t\t\t\t\t\t\t\t\t\t\t\t\t<div class=\"premium-modal-box-close-button-container\">\r\n\t\t\t\t\t\t\t\t\t<button type=\"button\" class=\"premium-modal-box-modal-close\" data-dismiss=\"premium-modal\">&times;<\/button>\r\n\t\t\t\t\t\t\t\t<\/div>\r\n\t\t\t\t\t\t\t\t\t\t\t\t\t<\/div>\r\n\t\t\t\t\t\t\t\t\t\t<div class=\"premium-modal-box-modal-body\">\r\n\t\t\t\t\t\t<iframe id=\"prijavimse-checkin-frame\" class=\"iframe-style\" src=\"https:\/\/prijavim.se\/iframe_calendar\/index\/6446\" frameborder=\"0\"><\/iframe><script type=\"text\/javascript\">var eventMethod=window.addEventListener?\"addEventListener\":\"attachEvent\";var eventer=window[eventMethod];var messageEvent=eventMethod===\"attachEvent\"?\"onmessage\":\"message\";eventer(messageEvent,function(e){if(e.data.source&&e.data.source==\"prijavimse-checkin-frame\"){const sourceElement=document.querySelector(`#${e.data.source}`);if(e.data.contentHeight){sourceElement.height=e.data.contentHeight;}if(e.data.lang&&!sourceElement.getAttribute('src').includes(`${e.data.lang}`)){const params=new URLSearchParams();params.append('lang',e.data.lang);const paramsString=`?${params.toString()}`;const srcValue=sourceElement.getAttribute('src');const urlWithoutParams=new URL(srcValue).origin+new URL(srcValue).pathname;sourceElement.setAttribute('src',`${urlWithoutParams}${paramsString}`);}}});<\/script>\t\t\t\t\t<\/div>\r\n\t\t\t\t\t\t\t\t\t<\/div>\r\n\t\t\t<\/div>\r\n\t\t<\/div>\r\n\r\n\t\t\t\t<\/div>\n\t\t\t\t<\/div>\n\t\t\t\t<div class=\"elementor-element elementor-element-49fa4f8 register-modal elementor-widget elementor-widget-premium-addon-modal-box\" data-id=\"49fa4f8\" data-element_type=\"widget\" data-settings=\"{&quot;premium_modal_box_animation&quot;:&quot;slideInDown&quot;}\" data-widget_type=\"premium-addon-modal-box.default\">\n\t\t\t\t<div class=\"elementor-widget-container\">\n\t\t\t\r\n\t\t<div class=\"premium-modal-box-container\" data-settings=\"{&quot;trigger&quot;:&quot;button&quot;}\">\r\n\t\t\t<div class=\"premium-modal-trigger-container\">\r\n\t\t\t\t\t\t\t\t\t<button data-toggle=\"premium-modal\" data-target=\"#premium-modal-49fa4f8\" type=\"button\" class=\"premium-modal-trigger-btn premium-btn-lg\">\r\n\t\t\t\t\t\t\t\t\t\t\t\t<span>RIDERS<\/span>\r\n\t\t\t\t\t\t\t\t\t\t\t<\/button>\r\n\t\t\t\t\t\t\t<\/div>\r\n\r\n\t\t\t<div id=\"premium-modal-49fa4f8\" class=\"premium-modal-box-modal\" role=\"dialog\" style=\"display: none\">\r\n\t\t\t\t<div class=\"premium-modal-box-modal-dialog\" data-delay-animation=\"\" data-modal-animation=\"slideInDown animated-fast\">\r\n\t\t\t\t\t\t\t\t\t\t\t<div class=\"premium-modal-box-modal-header\">\r\n\t\t\t\t\t\t\t\t\t\t\t\t\t\t\t<h3 class=\"premium-modal-box-modal-title\">\r\n\t\t\t\t\t\t\t\t\tRiders\t\t\t\t\t\t\t\t<\/h3>\r\n\t\t\t\t\t\t\t\t\t\t\t\t\t\t\t\t\t\t\t\t\t\t<div class=\"premium-modal-box-close-button-container\">\r\n\t\t\t\t\t\t\t\t\t<button type=\"button\" class=\"premium-modal-box-modal-close\" data-dismiss=\"premium-modal\">&times;<\/button>\r\n\t\t\t\t\t\t\t\t<\/div>\r\n\t\t\t\t\t\t\t\t\t\t\t\t\t<\/div>\r\n\t\t\t\t\t\t\t\t\t\t<div class=\"premium-modal-box-modal-body\">\r\n\t\t\t\t\t\t<iframe id=\"frame\" style=\"width: auto; min-width: 615px; max-width: 615px; min-height: 851px; overflow-y: hidden;\" src=\"https:\/\/prijavim.se\/checking.php?match_id=6446\" width=\"auto\" frameborder=\"0\" scrolling=\"yes\" sandbox=\"allow-same-origin allow-scripts allow-top-navigation allow-forms\" seamless=\"\"><\/iframe>\t\t\t\t\t<\/div>\r\n\t\t\t\t\t\t\t\t\t<\/div>\r\n\t\t\t<\/div>\r\n\t\t<\/div>\r\n\r\n\t\t\t\t<\/div>\n\t\t\t\t<\/div>\n\t\t\t\t<div class=\"elementor-element elementor-element-de609ba elementor-align-center elementor-widget elementor-widget-button\" data-id=\"de609ba\" data-element_type=\"widget\" data-widget_type=\"button.default\">\n\t\t\t\t<div class=\"elementor-widget-container\">\n\t\t\t\t\t<div class=\"elementor-button-wrapper\">\n\t\t\t<a class=\"elementor-button elementor-size-sm\" role=\"button\">\n\t\t\t\t\t\t<span class=\"elementor-button-content-wrapper\">\n\t\t\t\t\t\t<span class=\"elementor-button-text\"><\/span>\n\t\t<\/span>\n\t\t\t\t\t<\/a>\n\t\t<\/div>\n\t\t\t\t<\/div>\n\t\t\t\t<\/div>\n\t\t\t\t\t<\/div>\n\t\t<\/div>\n\t\t\t\t\t\t\t<\/div>\n\t\t<\/section>\n\t\t\t\t<section class=\"elementor-section elementor-top-section elementor-element elementor-element-a8418b7 news ct-section-stretched elementor-section-full_width elementor-section-height-default elementor-section-height-default wpr-particle-no wpr-jarallax-no wpr-parallax-no wpr-sticky-section-no\" data-id=\"a8418b7\" data-element_type=\"section\">\n\t\t\t\t\t\t<div class=\"elementor-container elementor-column-gap-no\">\n\t\t\t\t\t<div class=\"elementor-column elementor-col-100 elementor-top-column elementor-element elementor-element-2a3d037\" data-id=\"2a3d037\" data-element_type=\"column\">\n\t\t\t<div class=\"elementor-widget-wrap elementor-element-populated\">\n\t\t\t\t\t\t\t\t<div class=\"elementor-element elementor-element-31386d6 premium-blog-align-left elementor-widget elementor-widget-premium-addon-blog\" data-id=\"31386d6\" data-element_type=\"widget\" data-settings=\"{&quot;premium_blog_columns_number&quot;:&quot;100%&quot;,&quot;premium_blog_grid&quot;:&quot;yes&quot;,&quot;premium_blog_layout&quot;:&quot;even&quot;,&quot;premium_blog_columns_number_tablet&quot;:&quot;50%&quot;,&quot;premium_blog_columns_number_mobile&quot;:&quot;100%&quot;}\" data-widget_type=\"premium-addon-blog.default\">\n\t\t\t\t<div class=\"elementor-widget-container\">\n\t\t\t\r\n\t\t\t\t<div class=\"premium-blog-wrap  premium-blog-even\" data-page=\"64632\">\r\n\t\t\t\t\t<div class=\"premium-blog-post-outer-container\" data-total=\"1\">\r\n\t\t\t<div class=\"premium-blog-post-container premium-blog-skin-classic\">\r\n\t\t\t\t\t\t\t\t\t<div class=\"premium-blog-thumb-effect-wrapper\">\r\n\t\t\t\t\t\t<div class=\"premium-blog-thumbnail-container premium-blog-zoomin-effect\">\r\n\t\t\t\t\t\t\t<img decoding=\"async\" width=\"1280\" height=\"652\" src=\"https:\/\/www.sloveniadownhillcup.si\/wp-content\/uploads\/2023\/07\/230705_dhpeca-video-1280x652.jpg\" class=\"attachment-large size-large wp-image-52767\" alt=\"dh peca, kristjan vre\u010dek\" loading=\"lazy\" srcset=\"https:\/\/www.sloveniadownhillcup.si\/wp-content\/uploads\/2023\/07\/230705_dhpeca-video-1280x652.jpg 1280w, https:\/\/www.sloveniadownhillcup.si\/wp-content\/uploads\/2023\/07\/230705_dhpeca-video-640x326.jpg 640w, https:\/\/www.sloveniadownhillcup.si\/wp-content\/uploads\/2023\/07\/230705_dhpeca-video-768x391.jpg 768w, https:\/\/www.sloveniadownhillcup.si\/wp-content\/uploads\/2023\/07\/230705_dhpeca-video.jpg 1300w\" sizes=\"(max-width: 1280px) 100vw, 1280px\" \/>\t\t\t\t\t\t<\/div>\r\n\t\t\t\t\t\t\t\t\t\t\t\t\t<div class=\"premium-blog-thumbnail-overlay\">\r\n\t\t\t\t\t\t\t\t<a class=\"elementor-icon\" href=\"https:\/\/www.sloveniadownhillcup.si\/en\/2023\/dh-peca-video\/\" target=\"_self\" aria-hidden=\"true\"><span>DH Peca: Video<\/span><\/a>\r\n\t\t\t\t\t\t\t<\/div>\r\n\t\t\t\t\t\t\t\t\t\t\t<\/div>\r\n\t\t\t\t\t\t\t\t\t\t\t\t<div class=\"premium-blog-content-wrapper \">\r\n\r\n\t\t\t\t\t<div class=\"premium-blog-inner-container\">\r\n\r\n\t\t\t\t\t\t\t\t\t\t\t\t\t\t<h4 class=\"premium-blog-entry-title\">\r\n\t\t\t<a href=\"https:\/\/www.sloveniadownhillcup.si\/en\/2023\/dh-peca-video\/\" target=\"_self\">\r\n\t\t\t\tDH Peca: Video\t\t\t<\/a>\r\n\t\t<\/h4>\r\n\t\t\t\t<div class=\"premium-blog-entry-meta\">\r\n\t\t\t\r\n\t\t\t\t\t\t\t<span class=\"premium-blog-meta-separator\">\u2022<\/span>\r\n\t\t\t\t<div class=\"premium-blog-post-time premium-blog-meta-data\">\r\n\t\t\t\t\t<i class=\"fa fa-clock-o\" aria-hidden=\"true\"><\/i>\r\n\t\t\t\t\t<span>05.07.2023<\/span>\r\n\t\t\t\t<\/div>\r\n\t\t\t\r\n\t\t\t\r\n\t\t\t\t\t<\/div>\r\n\t\t\r\n\t\t\t\t\t<\/div>\r\n\r\n\t\t\t\t\t<p class=\"premium-blog-post-content\"><\/p>\t\t\t\t\t\r\n\t\t\t\t<\/div>\r\n\t\t\t<\/div>\r\n\t\t<\/div>\r\n\r\n\t\t\t\t<div class=\"premium-blog-post-outer-container\" data-total=\"1\">\r\n\t\t\t<div class=\"premium-blog-post-container premium-blog-skin-classic\">\r\n\t\t\t\t\t\t\t\t\t<div class=\"premium-blog-thumb-effect-wrapper\">\r\n\t\t\t\t\t\t<div class=\"premium-blog-thumbnail-container premium-blog-zoomin-effect\">\r\n\t\t\t\t\t\t\t<img decoding=\"async\" width=\"1280\" height=\"854\" src=\"https:\/\/www.sloveniadownhillcup.si\/wp-content\/uploads\/2023\/07\/peca_23_2500px-21-of-47-1280x854.jpg\" class=\"attachment-large size-large wp-image-52689\" alt=\"\" loading=\"lazy\" srcset=\"https:\/\/www.sloveniadownhillcup.si\/wp-content\/uploads\/2023\/07\/peca_23_2500px-21-of-47-1280x854.jpg 1280w, https:\/\/www.sloveniadownhillcup.si\/wp-content\/uploads\/2023\/07\/peca_23_2500px-21-of-47-640x427.jpg 640w, https:\/\/www.sloveniadownhillcup.si\/wp-content\/uploads\/2023\/07\/peca_23_2500px-21-of-47-768x512.jpg 768w, https:\/\/www.sloveniadownhillcup.si\/wp-content\/uploads\/2023\/07\/peca_23_2500px-21-of-47.jpg 1300w\" sizes=\"(max-width: 1280px) 100vw, 1280px\" \/>\t\t\t\t\t\t<\/div>\r\n\t\t\t\t\t\t\t\t\t\t\t\t\t<div class=\"premium-blog-thumbnail-overlay\">\r\n\t\t\t\t\t\t\t\t<a class=\"elementor-icon\" href=\"https:\/\/www.sloveniadownhillcup.si\/en\/2023\/dh-peca-fotogalerija\/\" target=\"_self\" aria-hidden=\"true\"><span>DH Peca: Photo gallery<\/span><\/a>\r\n\t\t\t\t\t\t\t<\/div>\r\n\t\t\t\t\t\t\t\t\t\t\t<\/div>\r\n\t\t\t\t\t\t\t\t\t\t\t\t<div class=\"premium-blog-content-wrapper \">\r\n\r\n\t\t\t\t\t<div class=\"premium-blog-inner-container\">\r\n\r\n\t\t\t\t\t\t\t\t\t\t\t\t\t\t<h4 class=\"premium-blog-entry-title\">\r\n\t\t\t<a href=\"https:\/\/www.sloveniadownhillcup.si\/en\/2023\/dh-peca-fotogalerija\/\" target=\"_self\">\r\n\t\t\t\tDH Peca: Photo gallery\t\t\t<\/a>\r\n\t\t<\/h4>\r\n\t\t\t\t<div class=\"premium-blog-entry-meta\">\r\n\t\t\t\r\n\t\t\t\t\t\t\t<span class=\"premium-blog-meta-separator\">\u2022<\/span>\r\n\t\t\t\t<div class=\"premium-blog-post-time premium-blog-meta-data\">\r\n\t\t\t\t\t<i class=\"fa fa-clock-o\" aria-hidden=\"true\"><\/i>\r\n\t\t\t\t\t<span>04.07.2023<\/span>\r\n\t\t\t\t<\/div>\r\n\t\t\t\r\n\t\t\t\r\n\t\t\t\t\t<\/div>\r\n\t\t\r\n\t\t\t\t\t<\/div>\r\n\r\n\t\t\t\t\t<p class=\"premium-blog-post-content\">New track on Petzen and a clash of two downhill series the auner Austrian Gravity Series and our 20chocolate Downhill Cup. With two official photographers as well.<\/p>\t\t\t\t\t\r\n\t\t\t\t<\/div>\r\n\t\t\t<\/div>\r\n\t\t<\/div>\r\n\r\n\t\t\t\t<div class=\"premium-blog-post-outer-container\" data-total=\"1\">\r\n\t\t\t<div class=\"premium-blog-post-container premium-blog-skin-classic\">\r\n\t\t\t\t\t\t\t\t\t<div class=\"premium-blog-thumb-effect-wrapper\">\r\n\t\t\t\t\t\t<div class=\"premium-blog-thumbnail-container premium-blog-zoomin-effect\">\r\n\t\t\t\t\t\t\t<img decoding=\"async\" width=\"970\" height=\"506\" src=\"https:\/\/www.sloveniadownhillcup.si\/wp-content\/uploads\/2023\/07\/peca23-0_berginc2_FSG.jpg\" class=\"attachment-large size-large wp-image-52607\" alt=\"\" loading=\"lazy\" srcset=\"https:\/\/www.sloveniadownhillcup.si\/wp-content\/uploads\/2023\/07\/peca23-0_berginc2_FSG.jpg 970w, https:\/\/www.sloveniadownhillcup.si\/wp-content\/uploads\/2023\/07\/peca23-0_berginc2_FSG-640x334.jpg 640w, https:\/\/www.sloveniadownhillcup.si\/wp-content\/uploads\/2023\/07\/peca23-0_berginc2_FSG-768x401.jpg 768w\" sizes=\"(max-width: 970px) 100vw, 970px\" \/>\t\t\t\t\t\t<\/div>\r\n\t\t\t\t\t\t\t\t\t\t\t\t\t<div class=\"premium-blog-thumbnail-overlay\">\r\n\t\t\t\t\t\t\t\t<a class=\"elementor-icon\" href=\"https:\/\/www.sloveniadownhillcup.si\/en\/2023\/tina-smrdel-and-luka-berginc-the-first-dh-peca-petzen-winners\/\" target=\"_self\" aria-hidden=\"true\"><span>Tina Smrdel and Luka Berginc the first DH Peca\/Petzen winners<\/span><\/a>\r\n\t\t\t\t\t\t\t<\/div>\r\n\t\t\t\t\t\t\t\t\t\t\t<\/div>\r\n\t\t\t\t\t\t\t\t\t\t\t\t<div class=\"premium-blog-content-wrapper \">\r\n\r\n\t\t\t\t\t<div class=\"premium-blog-inner-container\">\r\n\r\n\t\t\t\t\t\t\t\t\t\t\t\t\t\t<h4 class=\"premium-blog-entry-title\">\r\n\t\t\t<a href=\"https:\/\/www.sloveniadownhillcup.si\/en\/2023\/tina-smrdel-and-luka-berginc-the-first-dh-peca-petzen-winners\/\" target=\"_self\">\r\n\t\t\t\tTina Smrdel and Luka Berginc the first DH Peca\/Petzen winners\t\t\t<\/a>\r\n\t\t<\/h4>\r\n\t\t\t\t<div class=\"premium-blog-entry-meta\">\r\n\t\t\t\r\n\t\t\t\t\t\t\t<span class=\"premium-blog-meta-separator\">\u2022<\/span>\r\n\t\t\t\t<div class=\"premium-blog-post-time premium-blog-meta-data\">\r\n\t\t\t\t\t<i class=\"fa fa-clock-o\" aria-hidden=\"true\"><\/i>\r\n\t\t\t\t\t<span>03.07.2023<\/span>\r\n\t\t\t\t<\/div>\r\n\t\t\t\r\n\t\t\t\r\n\t\t\t\t\t<\/div>\r\n\t\t\r\n\t\t\t\t\t<\/div>\r\n\r\n\t\t\t\t\t<p class=\"premium-blog-post-content\">Austria and at least a little bit Slovenia as well have a new downhill race. The first Downhill Peca\/Petzen race united the Slovenian 20chocolate Downhill Cup with the auner Austrian \u2026<\/p>\t\t\t\t\t\r\n\t\t\t\t<\/div>\r\n\t\t\t<\/div>\r\n\t\t<\/div>\r\n\r\n\t\t\t\t<div class=\"premium-blog-post-outer-container\" data-total=\"1\">\r\n\t\t\t<div class=\"premium-blog-post-container premium-blog-skin-classic\">\r\n\t\t\t\t\t\t\t\t\t<div class=\"premium-blog-thumb-effect-wrapper\">\r\n\t\t\t\t\t\t<div class=\"premium-blog-thumbnail-container premium-blog-zoomin-effect\">\r\n\t\t\t\t\t\t\t<img decoding=\"async\" width=\"1280\" height=\"894\" src=\"https:\/\/www.sloveniadownhillcup.si\/wp-content\/uploads\/2023\/06\/20-CHO-DH-Cup_PECA-2-1280x894.png\" class=\"attachment-large size-large wp-image-52264\" alt=\"\" loading=\"lazy\" srcset=\"https:\/\/www.sloveniadownhillcup.si\/wp-content\/uploads\/2023\/06\/20-CHO-DH-Cup_PECA-2-1280x894.png 1280w, https:\/\/www.sloveniadownhillcup.si\/wp-content\/uploads\/2023\/06\/20-CHO-DH-Cup_PECA-2-640x447.png 640w, https:\/\/www.sloveniadownhillcup.si\/wp-content\/uploads\/2023\/06\/20-CHO-DH-Cup_PECA-2-768x537.png 768w, https:\/\/www.sloveniadownhillcup.si\/wp-content\/uploads\/2023\/06\/20-CHO-DH-Cup_PECA-2-1536x1073.png 1536w, https:\/\/www.sloveniadownhillcup.si\/wp-content\/uploads\/2023\/06\/20-CHO-DH-Cup_PECA-2.png 1952w\" sizes=\"(max-width: 1280px) 100vw, 1280px\" \/>\t\t\t\t\t\t<\/div>\r\n\t\t\t\t\t\t\t\t\t\t\t\t\t<div class=\"premium-blog-thumbnail-overlay\">\r\n\t\t\t\t\t\t\t\t<a class=\"elementor-icon\" href=\"https:\/\/www.sloveniadownhillcup.si\/en\/2023\/naj-se-dirkanje-v-spustu-zacne-dh-peca-in-dh-sorca\/\" target=\"_self\" aria-hidden=\"true\"><span>Let the downhill racing begin! DH Peca and DH Sor&#8217;ca<\/span><\/a>\r\n\t\t\t\t\t\t\t<\/div>\r\n\t\t\t\t\t\t\t\t\t\t\t<\/div>\r\n\t\t\t\t\t\t\t\t\t\t\t\t<div class=\"premium-blog-content-wrapper \">\r\n\r\n\t\t\t\t\t<div class=\"premium-blog-inner-container\">\r\n\r\n\t\t\t\t\t\t\t\t\t\t\t\t\t\t<h4 class=\"premium-blog-entry-title\">\r\n\t\t\t<a href=\"https:\/\/www.sloveniadownhillcup.si\/en\/2023\/naj-se-dirkanje-v-spustu-zacne-dh-peca-in-dh-sorca\/\" target=\"_self\">\r\n\t\t\t\tLet the downhill racing begin! DH Peca and DH Sor&#8217;ca\t\t\t<\/a>\r\n\t\t<\/h4>\r\n\t\t\t\t<div class=\"premium-blog-entry-meta\">\r\n\t\t\t\r\n\t\t\t\t\t\t\t<span class=\"premium-blog-meta-separator\">\u2022<\/span>\r\n\t\t\t\t<div class=\"premium-blog-post-time premium-blog-meta-data\">\r\n\t\t\t\t\t<i class=\"fa fa-clock-o\" aria-hidden=\"true\"><\/i>\r\n\t\t\t\t\t<span>26.06.2023<\/span>\r\n\t\t\t\t<\/div>\r\n\t\t\t\r\n\t\t\t\r\n\t\t\t\t\t<\/div>\r\n\t\t\r\n\t\t\t\t\t<\/div>\r\n\r\n\t\t\t\t\t<p class=\"premium-blog-post-content\">This weekend, on Saturday, July 1st, it finally begins! After April&#8217;s \u00bbtest event\u00ab at Golovec trails we are starting the 20chocolate Downhill Cup, the Slovenian downhill series, at Petzen, Austria.<\/p>\t\t\t\t\t\r\n\t\t\t\t<\/div>\r\n\t\t\t<\/div>\r\n\t\t<\/div>\r\n\r\n\t\t\t\t<\/div>\r\n\r\n\t\t\t\t<\/div>\n\t\t\t\t<\/div>\n\t\t\t\t\t<\/div>\n\t\t<\/div>\n\t\t\t\t\t\t\t<\/div>\n\t\t<\/section>\n\t\t\t\t\t\t\t<\/div>\n\t\t","protected":false},"excerpt":{"rendered":"<p>DH Sotejska 2026 Organiser \u0160PORTNO-KULTURNO DRU\u0160TVO PANK KURAUlica Maksa Henigmana 5, Dolenjske Toplice, 8350 Slovenia+386 40 621 318 | pank.kura.mtb@gmail.com | www.pankura.si Co-organiser Slovenia Cycling Federation, Dunajska 139, 1000 Ljubljana+386 41 990 058 | ogk@kolesarska-zveza.si | www.kolesarska-zveza.si Discipline: Downhill (DHI)Level: PSlovenia CupLocation: Soteska, 8350 Dolenjske Toplice, SloveniaDate: 19 September 2026 EVENT MANAGEMENT Event director: Jo\u0161t \u0160trucelj | +386 51 671 218 | pank.kura.mtb@gmail.comMarshalls chief:\u00a0 Mitja Zupan\u010di\u010d | +386 41 686 459 | Course chief: Jo\u0161t \u0160trucelj | +386 51 671 218 |Race office: Davor Mi\u0161ma\u0161 | +386 40 229 087 | pank.kura.mtb@gmail.comCommissaires: DKSS &#8211; dru\u0161tvo kolesarskih sodnikov Slovenije | info.dkss@gmail.com\u2026<\/p>\n","protected":false},"author":11,"featured_media":64599,"parent":0,"menu_order":0,"comment_status":"closed","ping_status":"closed","template":"","meta":[],"blocksy_meta":"","_links":{"self":[{"href":"https:\/\/www.sloveniadownhillcup.si\/en\/wp-json\/wp\/v2\/pages\/64632"}],"collection":[{"href":"https:\/\/www.sloveniadownhillcup.si\/en\/wp-json\/wp\/v2\/pages"}],"about":[{"href":"https:\/\/www.sloveniadownhillcup.si\/en\/wp-json\/wp\/v2\/types\/page"}],"author":[{"embeddable":true,"href":"https:\/\/www.sloveniadownhillcup.si\/en\/wp-json\/wp\/v2\/users\/11"}],"replies":[{"embeddable":true,"href":"https:\/\/www.sloveniadownhillcup.si\/en\/wp-json\/wp\/v2\/comments?post=64632"}],"version-history":[{"count":82,"href":"https:\/\/www.sloveniadownhillcup.si\/en\/wp-json\/wp\/v2\/pages\/64632\/revisions"}],"predecessor-version":[{"id":64778,"href":"https:\/\/www.sloveniadownhillcup.si\/en\/wp-json\/wp\/v2\/pages\/64632\/revisions\/64778"}],"wp:featuredmedia":[{"embeddable":true,"href":"https:\/\/www.sloveniadownhillcup.si\/en\/wp-json\/wp\/v2\/media\/64599"}],"wp:attachment":[{"href":"https:\/\/www.sloveniadownhillcup.si\/en\/wp-json\/wp\/v2\/media?parent=64632"}],"curies":[{"name":"wp","href":"https:\/\/api.w.org\/{rel}","templated":true}]}}